{"version":"1.0","provider_name":"La Cordillera Challenge","provider_url":"https:\/\/lacordillerachallenge.com\/en","author_name":"trailrunnerssv.com","author_url":"https:\/\/lacordillerachallenge.com\/en\/author\/trailrunnerssv-com\/","title":"La Carrera - La Cordillera Challenge","type":"rich","width":600,"height":338,"html":"<blockquote class=\"wp-embedded-content\" data-secret=\"DzepRnwtyh\"><a href=\"https:\/\/lacordillerachallenge.com\/en\/la-carrera\/\">The race<\/a><\/blockquote><iframe sandbox=\"allow-scripts\" security=\"restricted\" src=\"https:\/\/lacordillerachallenge.com\/en\/la-carrera\/embed\/#?secret=DzepRnwtyh\" width=\"600\" height=\"338\" title=\"&#8220;La Carrera&#8221; &#8212; La Cordillera Challenge\" data-secret=\"DzepRnwtyh\" frameborder=\"0\" marginwidth=\"0\" marginheight=\"0\" scrolling=\"no\" class=\"wp-embedded-content\"><\/iframe><script>\n\/*! This file is auto-generated *\/\n!function(d,l){\"use strict\";l.querySelector&&d.addEventListener&&\"undefined\"!=typeof URL&&(d.wp=d.wp||{},d.wp.receiveEmbedMessage||(d.wp.receiveEmbedMessage=function(e){var t=e.data;if((t||t.secret||t.message||t.value)&&!\/[^a-zA-Z0-9]\/.test(t.secret)){for(var s,r,n,a=l.querySelectorAll('iframe[data-secret=\"'+t.secret+'\"]'),o=l.querySelectorAll('blockquote[data-secret=\"'+t.secret+'\"]'),c=new RegExp(\"^https?:$\",\"i\"),i=0;i<o.length;i++)o[i].style.display=\"none\";for(i=0;i<a.length;i++)s=a[i],e.source===s.contentWindow&&(s.removeAttribute(\"style\"),\"height\"===t.message?(1e3<(r=parseInt(t.value,10))?r=1e3:~~r<200&&(r=200),s.height=r):\"link\"===t.message&&(r=new URL(s.getAttribute(\"src\")),n=new URL(t.value),c.test(n.protocol))&&n.host===r.host&&l.activeElement===s&&(d.top.location.href=t.value))}},d.addEventListener(\"message\",d.wp.receiveEmbedMessage,!1),l.addEventListener(\"DOMContentLoaded\",function(){for(var e,t,s=l.querySelectorAll(\"iframe.wp-embedded-content\"),r=0;r<s.length;r++)(t=(e=s[r]).getAttribute(\"data-secret\"))||(t=Math.random().toString(36).substring(2,12),e.src+=\"#?secret=\"+t,e.setAttribute(\"data-secret\",t)),e.contentWindow.postMessage({message:\"ready\",secret:t},\"*\")},!1)))}(window,document);\n<\/script>","description":"La Carrera LA CORDILLERA CHALLENGE 6, 7 y 8 DE NOVIEMBRE DE 2026 Regresa la carrera m\u00e1s larga de El Salvador, la primera y \u00fanica carrera en etapas. El recorrido de 130KM con m\u00e1s de 6,300 metros de desnivel positivo promete ser uno de los desaf\u00edos m\u00e1s grandes de trail running en Centroam\u00e9rica, combinando lo [&hellip;]","thumbnail_url":"https:\/\/lacordillerachallenge.com\/wp-content\/uploads\/2023\/08\/Aside01.jpg","thumbnail_width":1024,"thumbnail_height":1024}